{"id":2695,"date":"2025-05-13T17:47:28","date_gmt":"2025-05-13T15:47:28","guid":{"rendered":"https:\/\/frenehard-michaux.eu\/ueber-uns\/"},"modified":"2025-11-19T11:46:14","modified_gmt":"2025-11-19T10:46:14","slug":"ueber-uns","status":"publish","type":"page","link":"https:\/\/frenehard-michaux.eu\/de\/ueber-uns\/","title":{"rendered":"\u00dcBER UNS"},"content":{"rendered":"\n<div style=\"height:40px\" aria-hidden=\"true\" class=\"wp-block-spacer\"><\/div>\n\n<p>Fr\u00e9n\u00e9hard &amp; Michaux ist eine familiengef\u00fchrte Gruppe von Industrieunternehmen mit mehr als 1200 Mitarbeitern weltweit. Die Unternehmen der Gruppe unterst\u00fctzen Fachleute bei ihrer t\u00e4glichen Arbeit mit hochwertigen Produkten und Dienstleistungen, die s\u00e4mtliche Schutzanforderungen f\u00fcr H\u00f6henarbeiten und die Befestigung von Dach- und Dachrinnenelementen erf\u00fcllen.<\/p>\n\n<div class=\"wp-block-columns has-mycms-gray-light-background-color has-background is-layout-flex wp-container-core-columns-is-layout-9d6595d7 wp-block-columns-is-layout-flex\">\n<div class=\"wp-block-column is-layout-flow wp-block-column-is-layout-flow\" style=\"flex-basis:33.33%\">\n<div style=\"height:132px\" aria-hidden=\"true\" class=\"wp-block-spacer\"><\/div>\n\n\n\n<figure class=\"wp-block-image aligncenter size-large is-resized\"><a href=\"https:\/\/frenehard-michaux.eu\/wp-content\/uploads\/sites\/8\/2025\/09\/Thierry-Dufour-scaled.jpg\"><img loading=\"lazy\" decoding=\"async\" width=\"683\" height=\"1024\" src=\"https:\/\/frenehard-michaux.eu\/wp-content\/uploads\/sites\/8\/2025\/09\/Thierry-Dufour-683x1024.jpg\" alt=\"\" class=\"wp-image-1954\" style=\"width:300px;height:auto\" srcset=\"https:\/\/frenehard-michaux.eu\/wp-content\/uploads\/sites\/8\/2025\/09\/Thierry-Dufour-683x1024.jpg 683w, https:\/\/frenehard-michaux.eu\/wp-content\/uploads\/sites\/8\/2025\/09\/Thierry-Dufour-200x300.jpg 200w, https:\/\/frenehard-michaux.eu\/wp-content\/uploads\/sites\/8\/2025\/09\/Thierry-Dufour-768x1152.jpg 768w, https:\/\/frenehard-michaux.eu\/wp-content\/uploads\/sites\/8\/2025\/09\/Thierry-Dufour-1024x1536.jpg 1024w, https:\/\/frenehard-michaux.eu\/wp-content\/uploads\/sites\/8\/2025\/09\/Thierry-Dufour-1365x2048.jpg 1365w, https:\/\/frenehard-michaux.eu\/wp-content\/uploads\/sites\/8\/2025\/09\/Thierry-Dufour-600x900.jpg 600w, https:\/\/frenehard-michaux.eu\/wp-content\/uploads\/sites\/8\/2025\/09\/Thierry-Dufour-150x225.jpg 150w, https:\/\/frenehard-michaux.eu\/wp-content\/uploads\/sites\/8\/2025\/09\/Thierry-Dufour-scaled.jpg 1707w\" sizes=\"auto, (max-width: 683px) 100vw, 683px\" \/><\/a><figcaption class=\"wp-element-caption\"><strong>Thierry Dufour, Pr\u00e4sident der Gruppe<\/strong><\/figcaption><\/figure>\n<\/div>\n\n\n\n<div class=\"wp-block-column is-layout-flow wp-block-column-is-layout-flow\" style=\"flex-basis:66.66%\">\n<p><em>Die Mission unserer Gruppe besteht darin, unsere Unternehmen und Marken um vier Schwerpunkte zu vereinen:<br\/> \u2022 <strong>Unseren Kunden<\/strong> die besten Produkte und L\u00f6sungen zu bieten, die in jeder Hinsicht auf ihre Bed\u00fcrfnisse zugeschnitten sind,<br\/> \u2022 Unseren Besch\u00e4ftigten<strong> ein vertrauensvolles, dauerhaftes und verantwortungsvolles Arbeitsumfeld zu<\/strong> bieten,<br\/> \u2022 Eine <strong>nachhaltige und angemessene<\/strong> Rendite auf Investitionen zu bieten,<br\/> \u2022 <strong>Sich f\u00fcr das Gemeinwohl einzusetzen, <\/strong>indem wir unsere Verantwortung gegen\u00fcber der Zivilgesellschaft und der Umwelt wahrnehmen.<br\/><br\/>In diesem Rahmen setzen unsere Unternehmen bereits seit vielen Jahren RSE-Initiativen um. Um noch weiter zu gehen, haben wir unser Vorgehen ab 2022 strukturiert <strong>und eine CSR-Charta verabschiedet, die sich auf sechs S\u00e4ulen<\/strong> st\u00fctzt:<\/em><\/p>\n\n\n\n<figure class=\"wp-block-image size-large is-resized\"><a href=\"https:\/\/frenehard-michaux.eu\/wp-content\/uploads\/sites\/8\/2025\/09\/Image2-scaled.png\"><img loading=\"lazy\" decoding=\"async\" width=\"1024\" height=\"150\" src=\"https:\/\/frenehard-michaux.eu\/wp-content\/uploads\/sites\/8\/2025\/09\/Image2-1024x150.png\" alt=\"\" class=\"wp-image-1969\" style=\"width:894px;height:auto\" srcset=\"https:\/\/frenehard-michaux.eu\/wp-content\/uploads\/sites\/8\/2025\/09\/Image2-1024x150.png 1024w, https:\/\/frenehard-michaux.eu\/wp-content\/uploads\/sites\/8\/2025\/09\/Image2-300x44.png 300w, https:\/\/frenehard-michaux.eu\/wp-content\/uploads\/sites\/8\/2025\/09\/Image2-768x113.png 768w, https:\/\/frenehard-michaux.eu\/wp-content\/uploads\/sites\/8\/2025\/09\/Image2-1536x225.png 1536w, https:\/\/frenehard-michaux.eu\/wp-content\/uploads\/sites\/8\/2025\/09\/Image2-2048x300.png 2048w, https:\/\/frenehard-michaux.eu\/wp-content\/uploads\/sites\/8\/2025\/09\/Image2-600x88.png 600w, https:\/\/frenehard-michaux.eu\/wp-content\/uploads\/sites\/8\/2025\/09\/Image2-150x22.png 150w\" sizes=\"auto, (max-width: 1024px) 100vw, 1024px\" \/><\/a><\/figure>\n\n\n\n<p><em>In allen Unternehmenseinheiten wurde eine Roadmap mit konkreten, zeitlich festgelegten und messbaren Zielen f\u00fcr die Jahre 2023 bis 2026 erstellt.<br\/>Um unser Engagement zu bekr\u00e4ftigen, sind wir dem <strong>Global Compact der Vereinten Nationen<\/strong> beigetreten und haben die Grunds\u00e4tze dieses Pakts und seine <strong>17 Ziele f\u00fcr nachhaltige Entwicklung in unseren Fahrplan aufgenommen<\/strong>.<\/em><\/p>\n\n\n\n<p><em><br\/>Der Vorstand und die Manager der Gruppe verpflichten sich, diesen CSR-Ansatz in ihren Teams mit Leben zu f\u00fcllen und zu f\u00f6rdern, denn nur wenn alle mitmachen, k\u00f6nnen wir unsere Ziele erreichen. Es ist unsere Aufgabe, unsere CSR-Strategie <strong>in der Realit\u00e4t vor Ort mit unseren t\u00e4glichen Handlungen und Entscheidungen konkret umzusetzen.<\/strong>.<\/em><\/p>\n<\/div>\n<\/div>\n\n<div style=\"height:100px\" aria-hidden=\"true\" class=\"wp-block-spacer\"><\/div>\n\n<div class=\"wp-block-columns is-layout-flex wp-container-core-columns-is-layout-9d6595d7 wp-block-columns-is-layout-flex\">\n<div class=\"wp-block-column is-layout-flow wp-block-column-is-layout-flow\">\n<div class=\"wp-block-cover\" style=\"min-height:317px;aspect-ratio:unset;\"><img loading=\"lazy\" decoding=\"async\" width=\"1024\" height=\"683\" class=\"wp-block-cover__image-background wp-image-1856\" alt=\"\" src=\"https:\/\/frenehard-michaux.eu\/wp-content\/uploads\/sites\/8\/2025\/09\/siege-Aigle-1024x683.jpg\" data-object-fit=\"cover\" srcset=\"https:\/\/frenehard-michaux.eu\/wp-content\/uploads\/sites\/8\/2025\/09\/siege-Aigle-1024x683.jpg 1024w, https:\/\/frenehard-michaux.eu\/wp-content\/uploads\/sites\/8\/2025\/09\/siege-Aigle-300x200.jpg 300w, https:\/\/frenehard-michaux.eu\/wp-content\/uploads\/sites\/8\/2025\/09\/siege-Aigle-768x512.jpg 768w, https:\/\/frenehard-michaux.eu\/wp-content\/uploads\/sites\/8\/2025\/09\/siege-Aigle-1536x1024.jpg 1536w, https:\/\/frenehard-michaux.eu\/wp-content\/uploads\/sites\/8\/2025\/09\/siege-Aigle-2048x1365.jpg 2048w, https:\/\/frenehard-michaux.eu\/wp-content\/uploads\/sites\/8\/2025\/09\/siege-Aigle-600x400.jpg 600w, https:\/\/frenehard-michaux.eu\/wp-content\/uploads\/sites\/8\/2025\/09\/siege-Aigle-150x100.jpg 150w, https:\/\/frenehard-michaux.eu\/wp-content\/uploads\/sites\/8\/2025\/09\/siege-Aigle-541x360.jpg 541w, https:\/\/frenehard-michaux.eu\/wp-content\/uploads\/sites\/8\/2025\/09\/siege-Aigle-317x211.jpg 317w\" sizes=\"auto, (max-width: 1024px) 100vw, 1024px\" \/><span aria-hidden=\"true\" class=\"wp-block-cover__background has-background-dim\"><\/span><div class=\"wp-block-cover__inner-container is-layout-flow wp-block-cover-is-layout-flow\">\n<p class=\"has-text-align-center has-large-font-size\"><a href=\"https:\/\/frenehard-michaux.eu\/de\/unsere-geschichte-und-unsere-werte\/\">Unsere Geschichte und unsere Werte<\/a><\/p>\n<\/div><\/div>\n<\/div>\n\n\n\n<div class=\"wp-block-column is-layout-flow wp-block-column-is-layout-flow\">\n<div class=\"wp-block-cover\" style=\"min-height:317px;aspect-ratio:unset;\"><img loading=\"lazy\" decoding=\"async\" width=\"1024\" height=\"683\" class=\"wp-block-cover__image-background wp-image-1857\" alt=\"\" src=\"https:\/\/frenehard-michaux.eu\/wp-content\/uploads\/sites\/8\/2025\/09\/IMG_9844-1024x683.jpg\" data-object-fit=\"cover\" srcset=\"https:\/\/frenehard-michaux.eu\/wp-content\/uploads\/sites\/8\/2025\/09\/IMG_9844-1024x683.jpg 1024w, https:\/\/frenehard-michaux.eu\/wp-content\/uploads\/sites\/8\/2025\/09\/IMG_9844-300x200.jpg 300w, https:\/\/frenehard-michaux.eu\/wp-content\/uploads\/sites\/8\/2025\/09\/IMG_9844-768x512.jpg 768w, https:\/\/frenehard-michaux.eu\/wp-content\/uploads\/sites\/8\/2025\/09\/IMG_9844-1536x1024.jpg 1536w, https:\/\/frenehard-michaux.eu\/wp-content\/uploads\/sites\/8\/2025\/09\/IMG_9844-2048x1365.jpg 2048w, https:\/\/frenehard-michaux.eu\/wp-content\/uploads\/sites\/8\/2025\/09\/IMG_9844-600x400.jpg 600w, https:\/\/frenehard-michaux.eu\/wp-content\/uploads\/sites\/8\/2025\/09\/IMG_9844-150x100.jpg 150w, https:\/\/frenehard-michaux.eu\/wp-content\/uploads\/sites\/8\/2025\/09\/IMG_9844-541x360.jpg 541w, https:\/\/frenehard-michaux.eu\/wp-content\/uploads\/sites\/8\/2025\/09\/IMG_9844-317x211.jpg 317w\" sizes=\"auto, (max-width: 1024px) 100vw, 1024px\" \/><span aria-hidden=\"true\" class=\"wp-block-cover__background has-background-dim\"><\/span><div class=\"wp-block-cover__inner-container is-layout-flow wp-block-cover-is-layout-flow\">\n<p class=\"has-text-align-center has-large-font-size\"><a href=\"https:\/\/frenehard-michaux.eu\/de\/unser-csr-ansatz\/\">Unser CSR-Ansatz<\/a><\/p>\n<\/div><\/div>\n<\/div>\n\n\n\n<div class=\"wp-block-column is-layout-flow wp-block-column-is-layout-flow\">\n<div class=\"wp-block-cover\" style=\"min-height:316px;aspect-ratio:unset;\"><img loading=\"lazy\" decoding=\"async\" width=\"1024\" height=\"682\" class=\"wp-block-cover__image-background wp-image-1858\" alt=\"\" src=\"https:\/\/frenehard-michaux.eu\/wp-content\/uploads\/sites\/8\/2025\/09\/presse-1024x682.jpg\" data-object-fit=\"cover\" srcset=\"https:\/\/frenehard-michaux.eu\/wp-content\/uploads\/sites\/8\/2025\/09\/presse-1024x682.jpg 1024w, https:\/\/frenehard-michaux.eu\/wp-content\/uploads\/sites\/8\/2025\/09\/presse-300x200.jpg 300w, https:\/\/frenehard-michaux.eu\/wp-content\/uploads\/sites\/8\/2025\/09\/presse-768x512.jpg 768w, https:\/\/frenehard-michaux.eu\/wp-content\/uploads\/sites\/8\/2025\/09\/presse-600x400.jpg 600w, https:\/\/frenehard-michaux.eu\/wp-content\/uploads\/sites\/8\/2025\/09\/presse-150x100.jpg 150w, https:\/\/frenehard-michaux.eu\/wp-content\/uploads\/sites\/8\/2025\/09\/presse-541x360.jpg 541w, https:\/\/frenehard-michaux.eu\/wp-content\/uploads\/sites\/8\/2025\/09\/presse-317x211.jpg 317w, https:\/\/frenehard-michaux.eu\/wp-content\/uploads\/sites\/8\/2025\/09\/presse.jpg 1400w\" sizes=\"auto, (max-width: 1024px) 100vw, 1024px\" \/><span aria-hidden=\"true\" class=\"wp-block-cover__background has-background-dim\"><\/span><div class=\"wp-block-cover__inner-container is-layout-flow wp-block-cover-is-layout-flow\">\n<p class=\"has-text-align-center has-large-font-size\"><a href=\"https:\/\/frenehard-michaux.eu\/de\/presse-und-medienbereich\/\">Presse &amp; Medien<\/a><\/p>\n<\/div><\/div>\n<\/div>\n<\/div>\n\n<div style=\"height:100px\" aria-hidden=\"true\" class=\"wp-block-spacer\"><\/div>\n","protected":false},"excerpt":{"rendered":"<p>Fr\u00e9n\u00e9hard &amp; Michaux ist eine familiengef\u00fchrte Gruppe von Industrieunternehmen mit mehr als 1200 Mitarbeitern weltweit. Die Unternehmen der Gruppe unterst\u00fctzen Fachleute bei ihrer t\u00e4glichen Arbeit mit hochwertigen Produkten und Dienstleistungen, die s\u00e4mtliche Schutzanforderungen f\u00fcr H\u00f6henarbeiten und die Befestigung von Dach- und Dachrinnenelementen erf\u00fcllen. Die Mission unserer Gruppe besteht darin, unsere Unternehmen und Marken um vier [&hellip;]<\/p>\n","protected":false},"author":57,"featured_media":0,"parent":0,"menu_order":0,"comment_status":"closed","ping_status":"closed","template":"","meta":{"_acf_changed":false,"footnotes":""},"class_list":["post-2695","page","type-page","status-publish","hentry"],"acf":[],"yoast_head":"<!-- This site is optimized with the Yoast SEO plugin v27.5 - https:\/\/yoast.com\/product\/yoast-seo-wordpress\/ -->\n<title>\u00dcBER UNS - Frenehard &amp; Michaux<\/title>\n<meta name=\"robots\" content=\"index, follow, max-snippet:-1, max-image-preview:large, max-video-preview:-1\" \/>\n<link rel=\"canonical\" href=\"https:\/\/frenehard-michaux.eu\/de\/ueber-uns\/\" \/>\n<meta property=\"og:locale\" content=\"de_DE\" \/>\n<meta property=\"og:type\" content=\"article\" \/>\n<meta property=\"og:title\" content=\"\u00dcBER UNS - Frenehard &amp; Michaux\" \/>\n<meta property=\"og:description\" content=\"Fr\u00e9n\u00e9hard &amp; Michaux ist eine familiengef\u00fchrte Gruppe von Industrieunternehmen mit mehr als 1200 Mitarbeitern weltweit. Die Unternehmen der Gruppe unterst\u00fctzen Fachleute bei ihrer t\u00e4glichen Arbeit mit hochwertigen Produkten und Dienstleistungen, die s\u00e4mtliche Schutzanforderungen f\u00fcr H\u00f6henarbeiten und die Befestigung von Dach- und Dachrinnenelementen erf\u00fcllen. Die Mission unserer Gruppe besteht darin, unsere Unternehmen und Marken um vier [&hellip;]\" \/>\n<meta property=\"og:url\" content=\"https:\/\/frenehard-michaux.eu\/de\/ueber-uns\/\" \/>\n<meta property=\"og:site_name\" content=\"Frenehard &amp; Michaux\" \/>\n<meta property=\"article:modified_time\" content=\"2025-11-19T10:46:14+00:00\" \/>\n<meta property=\"og:image\" content=\"https:\/\/frenehard-michaux.eu\/wp-content\/uploads\/sites\/8\/2025\/09\/Thierry-Dufour-scaled.jpg\" \/>\n\t<meta property=\"og:image:width\" content=\"1707\" \/>\n\t<meta property=\"og:image:height\" content=\"2560\" \/>\n\t<meta property=\"og:image:type\" content=\"image\/jpeg\" \/>\n<meta name=\"twitter:card\" content=\"summary_large_image\" \/>\n<meta name=\"twitter:label1\" content=\"Gesch\u00e4tzte Lesezeit\" \/>\n\t<meta name=\"twitter:data1\" content=\"1\u00a0Minute\" \/>\n<script type=\"application\/ld+json\" class=\"yoast-schema-graph\">{\"@context\":\"https:\\\/\\\/schema.org\",\"@graph\":[{\"@type\":\"WebPage\",\"@id\":\"https:\\\/\\\/frenehard-michaux.eu\\\/de\\\/ueber-uns\\\/\",\"url\":\"https:\\\/\\\/frenehard-michaux.eu\\\/de\\\/ueber-uns\\\/\",\"name\":\"\u00dcBER UNS - Frenehard &amp; Michaux\",\"isPartOf\":{\"@id\":\"https:\\\/\\\/frenehard-michaux.eu\\\/de\\\/#website\"},\"primaryImageOfPage\":{\"@id\":\"https:\\\/\\\/frenehard-michaux.eu\\\/de\\\/ueber-uns\\\/#primaryimage\"},\"image\":{\"@id\":\"https:\\\/\\\/frenehard-michaux.eu\\\/de\\\/ueber-uns\\\/#primaryimage\"},\"thumbnailUrl\":\"https:\\\/\\\/frenehard-michaux.eu\\\/wp-content\\\/uploads\\\/sites\\\/8\\\/2025\\\/09\\\/Thierry-Dufour-683x1024.jpg\",\"datePublished\":\"2025-05-13T15:47:28+00:00\",\"dateModified\":\"2025-11-19T10:46:14+00:00\",\"breadcrumb\":{\"@id\":\"https:\\\/\\\/frenehard-michaux.eu\\\/de\\\/ueber-uns\\\/#breadcrumb\"},\"inLanguage\":\"de\",\"potentialAction\":[{\"@type\":\"ReadAction\",\"target\":[\"https:\\\/\\\/frenehard-michaux.eu\\\/de\\\/ueber-uns\\\/\"]}]},{\"@type\":\"ImageObject\",\"inLanguage\":\"de\",\"@id\":\"https:\\\/\\\/frenehard-michaux.eu\\\/de\\\/ueber-uns\\\/#primaryimage\",\"url\":\"https:\\\/\\\/frenehard-michaux.eu\\\/wp-content\\\/uploads\\\/sites\\\/8\\\/2025\\\/09\\\/Thierry-Dufour-683x1024.jpg\",\"contentUrl\":\"https:\\\/\\\/frenehard-michaux.eu\\\/wp-content\\\/uploads\\\/sites\\\/8\\\/2025\\\/09\\\/Thierry-Dufour-683x1024.jpg\"},{\"@type\":\"BreadcrumbList\",\"@id\":\"https:\\\/\\\/frenehard-michaux.eu\\\/de\\\/ueber-uns\\\/#breadcrumb\",\"itemListElement\":[{\"@type\":\"ListItem\",\"position\":1,\"name\":\"Accueil\",\"item\":\"https:\\\/\\\/frenehard-michaux.eu\\\/de\\\/startseite\\\/\"},{\"@type\":\"ListItem\",\"position\":2,\"name\":\"\u00dcBER UNS\"}]},{\"@type\":\"WebSite\",\"@id\":\"https:\\\/\\\/frenehard-michaux.eu\\\/de\\\/#website\",\"url\":\"https:\\\/\\\/frenehard-michaux.eu\\\/de\\\/\",\"name\":\"Frenehard &amp; Michaux\",\"description\":\"\",\"publisher\":{\"@id\":\"https:\\\/\\\/frenehard-michaux.eu\\\/de\\\/#organization\"},\"potentialAction\":[{\"@type\":\"SearchAction\",\"target\":{\"@type\":\"EntryPoint\",\"urlTemplate\":\"https:\\\/\\\/frenehard-michaux.eu\\\/de\\\/?s={search_term_string}\"},\"query-input\":{\"@type\":\"PropertyValueSpecification\",\"valueRequired\":true,\"valueName\":\"search_term_string\"}}],\"inLanguage\":\"de\"},{\"@type\":\"Organization\",\"@id\":\"https:\\\/\\\/frenehard-michaux.eu\\\/de\\\/#organization\",\"name\":\"Frenehard &amp; Michaux\",\"url\":\"https:\\\/\\\/frenehard-michaux.eu\\\/de\\\/\",\"logo\":{\"@type\":\"ImageObject\",\"inLanguage\":\"de\",\"@id\":\"https:\\\/\\\/frenehard-michaux.eu\\\/de\\\/#\\\/schema\\\/logo\\\/image\\\/\",\"url\":\"https:\\\/\\\/frenehard-michaux.eu\\\/wp-content\\\/uploads\\\/sites\\\/8\\\/2025\\\/09\\\/Frenehard-Michaux_RVB.svg\",\"contentUrl\":\"https:\\\/\\\/frenehard-michaux.eu\\\/wp-content\\\/uploads\\\/sites\\\/8\\\/2025\\\/09\\\/Frenehard-Michaux_RVB.svg\",\"caption\":\"Frenehard &amp; Michaux\"},\"image\":{\"@id\":\"https:\\\/\\\/frenehard-michaux.eu\\\/de\\\/#\\\/schema\\\/logo\\\/image\\\/\"}}]}<\/script>\n<!-- \/ Yoast SEO plugin. -->","yoast_head_json":{"title":"\u00dcBER UNS - Frenehard &amp; Michaux","robots":{"index":"index","follow":"follow","max-snippet":"max-snippet:-1","max-image-preview":"max-image-preview:large","max-video-preview":"max-video-preview:-1"},"canonical":"https:\/\/frenehard-michaux.eu\/de\/ueber-uns\/","og_locale":"de_DE","og_type":"article","og_title":"\u00dcBER UNS - Frenehard &amp; Michaux","og_description":"Fr\u00e9n\u00e9hard &amp; Michaux ist eine familiengef\u00fchrte Gruppe von Industrieunternehmen mit mehr als 1200 Mitarbeitern weltweit. Die Unternehmen der Gruppe unterst\u00fctzen Fachleute bei ihrer t\u00e4glichen Arbeit mit hochwertigen Produkten und Dienstleistungen, die s\u00e4mtliche Schutzanforderungen f\u00fcr H\u00f6henarbeiten und die Befestigung von Dach- und Dachrinnenelementen erf\u00fcllen. Die Mission unserer Gruppe besteht darin, unsere Unternehmen und Marken um vier [&hellip;]","og_url":"https:\/\/frenehard-michaux.eu\/de\/ueber-uns\/","og_site_name":"Frenehard &amp; Michaux","article_modified_time":"2025-11-19T10:46:14+00:00","og_image":[{"width":1707,"height":2560,"url":"https:\/\/frenehard-michaux.eu\/wp-content\/uploads\/sites\/8\/2025\/09\/Thierry-Dufour-scaled.jpg","type":"image\/jpeg"}],"twitter_card":"summary_large_image","twitter_misc":{"Gesch\u00e4tzte Lesezeit":"1\u00a0Minute"},"schema":{"@context":"https:\/\/schema.org","@graph":[{"@type":"WebPage","@id":"https:\/\/frenehard-michaux.eu\/de\/ueber-uns\/","url":"https:\/\/frenehard-michaux.eu\/de\/ueber-uns\/","name":"\u00dcBER UNS - Frenehard &amp; Michaux","isPartOf":{"@id":"https:\/\/frenehard-michaux.eu\/de\/#website"},"primaryImageOfPage":{"@id":"https:\/\/frenehard-michaux.eu\/de\/ueber-uns\/#primaryimage"},"image":{"@id":"https:\/\/frenehard-michaux.eu\/de\/ueber-uns\/#primaryimage"},"thumbnailUrl":"https:\/\/frenehard-michaux.eu\/wp-content\/uploads\/sites\/8\/2025\/09\/Thierry-Dufour-683x1024.jpg","datePublished":"2025-05-13T15:47:28+00:00","dateModified":"2025-11-19T10:46:14+00:00","breadcrumb":{"@id":"https:\/\/frenehard-michaux.eu\/de\/ueber-uns\/#breadcrumb"},"inLanguage":"de","potentialAction":[{"@type":"ReadAction","target":["https:\/\/frenehard-michaux.eu\/de\/ueber-uns\/"]}]},{"@type":"ImageObject","inLanguage":"de","@id":"https:\/\/frenehard-michaux.eu\/de\/ueber-uns\/#primaryimage","url":"https:\/\/frenehard-michaux.eu\/wp-content\/uploads\/sites\/8\/2025\/09\/Thierry-Dufour-683x1024.jpg","contentUrl":"https:\/\/frenehard-michaux.eu\/wp-content\/uploads\/sites\/8\/2025\/09\/Thierry-Dufour-683x1024.jpg"},{"@type":"BreadcrumbList","@id":"https:\/\/frenehard-michaux.eu\/de\/ueber-uns\/#breadcrumb","itemListElement":[{"@type":"ListItem","position":1,"name":"Accueil","item":"https:\/\/frenehard-michaux.eu\/de\/startseite\/"},{"@type":"ListItem","position":2,"name":"\u00dcBER UNS"}]},{"@type":"WebSite","@id":"https:\/\/frenehard-michaux.eu\/de\/#website","url":"https:\/\/frenehard-michaux.eu\/de\/","name":"Frenehard &amp; Michaux","description":"","publisher":{"@id":"https:\/\/frenehard-michaux.eu\/de\/#organization"},"potentialAction":[{"@type":"SearchAction","target":{"@type":"EntryPoint","urlTemplate":"https:\/\/frenehard-michaux.eu\/de\/?s={search_term_string}"},"query-input":{"@type":"PropertyValueSpecification","valueRequired":true,"valueName":"search_term_string"}}],"inLanguage":"de"},{"@type":"Organization","@id":"https:\/\/frenehard-michaux.eu\/de\/#organization","name":"Frenehard &amp; Michaux","url":"https:\/\/frenehard-michaux.eu\/de\/","logo":{"@type":"ImageObject","inLanguage":"de","@id":"https:\/\/frenehard-michaux.eu\/de\/#\/schema\/logo\/image\/","url":"https:\/\/frenehard-michaux.eu\/wp-content\/uploads\/sites\/8\/2025\/09\/Frenehard-Michaux_RVB.svg","contentUrl":"https:\/\/frenehard-michaux.eu\/wp-content\/uploads\/sites\/8\/2025\/09\/Frenehard-Michaux_RVB.svg","caption":"Frenehard &amp; Michaux"},"image":{"@id":"https:\/\/frenehard-michaux.eu\/de\/#\/schema\/logo\/image\/"}}]}},"_links":{"self":[{"href":"https:\/\/frenehard-michaux.eu\/de\/wp-json\/wp\/v2\/pages\/2695","targetHints":{"allow":["GET"]}}],"collection":[{"href":"https:\/\/frenehard-michaux.eu\/de\/wp-json\/wp\/v2\/pages"}],"about":[{"href":"https:\/\/frenehard-michaux.eu\/de\/wp-json\/wp\/v2\/types\/page"}],"author":[{"embeddable":true,"href":"https:\/\/frenehard-michaux.eu\/de\/wp-json\/wp\/v2\/users\/57"}],"replies":[{"embeddable":true,"href":"https:\/\/frenehard-michaux.eu\/de\/wp-json\/wp\/v2\/comments?post=2695"}],"version-history":[{"count":1,"href":"https:\/\/frenehard-michaux.eu\/de\/wp-json\/wp\/v2\/pages\/2695\/revisions"}],"predecessor-version":[{"id":2735,"href":"https:\/\/frenehard-michaux.eu\/de\/wp-json\/wp\/v2\/pages\/2695\/revisions\/2735"}],"wp:attachment":[{"href":"https:\/\/frenehard-michaux.eu\/de\/wp-json\/wp\/v2\/media?parent=2695"}],"curies":[{"name":"wp","href":"https:\/\/api.w.org\/{rel}","templated":true}]}}