{"version":"1.0","provider_name":"Frenehard &amp; Michaux","provider_url":"https:\/\/frenehard-michaux.eu\/de\/","author_name":"marina","author_url":"https:\/\/frenehard-michaux.eu\/de\/author\/marina\/","title":"Jacques Fr\u00e9n\u00e9hard zum Offizier der Ehrenlegion ernannt - Frenehard &amp; Michaux","type":"rich","width":600,"height":338,"html":"<blockquote class=\"wp-embedded-content\" data-secret=\"hpIQIXXe2j\"><a href=\"https:\/\/frenehard-michaux.eu\/de\/jacques-frenehard-zum-offizier-der-ehrenlegion-ernannt\/\">Jacques Fr\u00e9n\u00e9hard zum Offizier der Ehrenlegion ernannt<\/a><\/blockquote><iframe sandbox=\"allow-scripts\" security=\"restricted\" src=\"https:\/\/frenehard-michaux.eu\/de\/jacques-frenehard-zum-offizier-der-ehrenlegion-ernannt\/embed\/#?secret=hpIQIXXe2j\" width=\"600\" height=\"338\" title=\"&#8222;Jacques Fr\u00e9n\u00e9hard zum Offizier der Ehrenlegion ernannt&#8220; &#8211; Frenehard &amp; Michaux\" data-secret=\"hpIQIXXe2j\" frameborder=\"0\" marginwidth=\"0\" marginheight=\"0\" scrolling=\"no\" class=\"wp-embedded-content\"><\/iframe><script>\n\/*! This file is auto-generated *\/\n!function(d,l){\"use strict\";l.querySelector&&d.addEventListener&&\"undefined\"!=typeof URL&&(d.wp=d.wp||{},d.wp.receiveEmbedMessage||(d.wp.receiveEmbedMessage=function(e){var t=e.data;if((t||t.secret||t.message||t.value)&&!\/[^a-zA-Z0-9]\/.test(t.secret)){for(var s,r,n,a=l.querySelectorAll('iframe[data-secret=\"'+t.secret+'\"]'),o=l.querySelectorAll('blockquote[data-secret=\"'+t.secret+'\"]'),c=new RegExp(\"^https?:$\",\"i\"),i=0;i<o.length;i++)o[i].style.display=\"none\";for(i=0;i<a.length;i++)s=a[i],e.source===s.contentWindow&&(s.removeAttribute(\"style\"),\"height\"===t.message?(1e3<(r=parseInt(t.value,10))?r=1e3:~~r<200&&(r=200),s.height=r):\"link\"===t.message&&(r=new URL(s.getAttribute(\"src\")),n=new URL(t.value),c.test(n.protocol))&&n.host===r.host&&l.activeElement===s&&(d.top.location.href=t.value))}},d.addEventListener(\"message\",d.wp.receiveEmbedMessage,!1),l.addEventListener(\"DOMContentLoaded\",function(){for(var e,t,s=l.querySelectorAll(\"iframe.wp-embedded-content\"),r=0;r<s.length;r++)(t=(e=s[r]).getAttribute(\"data-secret\"))||(t=Math.random().toString(36).substring(2,12),e.src+=\"#?secret=\"+t,e.setAttribute(\"data-secret\",t)),e.contentWindow.postMessage({message:\"ready\",secret:t},\"*\")},!1)))}(window,document);\n<\/script>\n","thumbnail_url":"https:\/\/frenehard-michaux.eu\/wp-content\/uploads\/sites\/8\/2025\/10\/20251004_110954-scaled.jpg","thumbnail_width":2560,"thumbnail_height":1920,"description":"Die Fr\u00e9n\u00e9hard &amp; Michaux-Gruppe freut sich sehr, Ihnen einen Moment voller Stolz und Anerkennung mitteilen zu d\u00fcrfen: die Verleihung des Ordens \u201eOfficier de la L\u00e9gion d\u2019honneur\u201d (Offizier der Ehrenlegion) am Samstag, den 4. Oktober, an Jacques Fr\u00e9n\u00e9hard, Vorsitzender des Aufsichtsrats der Gruppe. Diese Auszeichnung, die von Dr. Pierre Petibon, Offizier der Ehrenlegion, \u00fcberreicht wurde, w\u00fcrdigt [&hellip;]"}